{"version":"1.0","provider_name":"\u00c9glise Adventiste du Septi\u00e8me Jour Mouvement de R\u00e9forme - Champ Est-Canadien","provider_url":"https:\/\/www.sdarm.ca\/fr","author_name":"Etienne Lombard","author_url":"https:\/\/www.sdarm.ca\/fr\/author\/etienne-lombard77","title":"Bapt\u00eame \u00e0 Puslinch, Ontario - \u00c9glise Adventiste du Septi\u00e8me Jour Mouvement de R\u00e9forme - Champ Est-Canadien","type":"rich","width":600,"height":338,"html":"<blockquote class=\"wp-embedded-content\" data-secret=\"VKBB6EtyhR\"><a href=\"https:\/\/www.sdarm.ca\/fr\/bapteme-a-puslinch-ontario\">Bapt\u00eame \u00e0 Puslinch, Ontario<\/a><\/blockquote><iframe sandbox=\"allow-scripts\" security=\"restricted\" src=\"https:\/\/www.sdarm.ca\/fr\/bapteme-a-puslinch-ontario\/embed#?secret=VKBB6EtyhR\" width=\"600\" height=\"338\" title=\"\u00ab\u00a0Bapt\u00eame \u00e0 Puslinch, Ontario\u00a0\u00bb &#8212; \u00c9glise Adventiste du Septi\u00e8me Jour Mouvement de R\u00e9forme - Champ Est-Canadien\" data-secret=\"VKBB6EtyhR\" frameborder=\"0\" marginwidth=\"0\" marginheight=\"0\" scrolling=\"no\" class=\"wp-embedded-content\"><\/iframe><script type=\"text\/javascript\">\n\/* <![CDATA[ *\/\n\/*! This file is auto-generated *\/\n!function(d,l){\"use strict\";l.querySelector&&d.addEventListener&&\"undefined\"!=typeof URL&&(d.wp=d.wp||{},d.wp.receiveEmbedMessage||(d.wp.receiveEmbedMessage=function(e){var t=e.data;if((t||t.secret||t.message||t.value)&&!\/[^a-zA-Z0-9]\/.test(t.secret)){for(var s,r,n,a=l.querySelectorAll('iframe[data-secret=\"'+t.secret+'\"]'),o=l.querySelectorAll('blockquote[data-secret=\"'+t.secret+'\"]'),c=new RegExp(\"^https?:$\",\"i\"),i=0;i<o.length;i++)o[i].style.display=\"none\";for(i=0;i<a.length;i++)s=a[i],e.source===s.contentWindow&&(s.removeAttribute(\"style\"),\"height\"===t.message?(1e3<(r=parseInt(t.value,10))?r=1e3:~~r<200&&(r=200),s.height=r):\"link\"===t.message&&(r=new URL(s.getAttribute(\"src\")),n=new URL(t.value),c.test(n.protocol))&&n.host===r.host&&l.activeElement===s&&(d.top.location.href=t.value))}},d.addEventListener(\"message\",d.wp.receiveEmbedMessage,!1),l.addEventListener(\"DOMContentLoaded\",function(){for(var e,t,s=l.querySelectorAll(\"iframe.wp-embedded-content\"),r=0;r<s.length;r++)(t=(e=s[r]).getAttribute(\"data-secret\"))||(t=Math.random().toString(36).substring(2,12),e.src+=\"#?secret=\"+t,e.setAttribute(\"data-secret\",t)),e.contentWindow.postMessage({message:\"ready\",secret:t},\"*\")},!1)))}(window,document);\n\/\/# sourceURL=https:\/\/www.sdarm.ca\/wp-includes\/js\/wp-embed.min.js\n\/* ]]> *\/\n<\/script>\n","thumbnail_url":"https:\/\/www.sdarm.ca\/wp-content\/uploads\/2023\/11\/588A7046-scaled.jpg","thumbnail_width":2560,"thumbnail_height":1707,"description":"C&rsquo;est avec une grande joie que nous nous sommes tous r\u00e9unis sur la rive du lac Valens le 19 ao\u00fbt 2023 pour nous r\u00e9jouir du bapt\u00eame de Sr. Dianne Medaric, qui a consacr\u00e9 sa vie au service du Seigneur. Ce fut une grande occasion de [\u2026]"}